{"id":623,"date":"2025-04-09T13:10:23","date_gmt":"2025-04-09T11:10:23","guid":{"rendered":"https:\/\/camiliengaille.ch\/?page_id=623"},"modified":"2025-05-26T15:34:32","modified_gmt":"2025-05-26T13:34:32","slug":"accueil-v3","status":"publish","type":"page","link":"https:\/\/camiliengaille.ch\/de\/","title":{"rendered":"Startseite"},"content":{"rendered":"<p><span><img decoding=\"async\" alt=\"\" data-id=\"315\" width=\"120\" data-init-width=\"603\" height=\"1200\" data-init-height=\"1200\" title=\"logo_camilien_gaille_juste_signe_web\" src=\"https:\/\/camiliengaille.ch\/wp-content\/uploads\/2023\/02\/logo_camilien_gaille_juste_signe_web.png\" data-width=\"120\" style=\"aspect-ratio: auto 603 \/ 1200;\" loading=\"lazy\"><\/span><\/p>\n<h1 style=\"text-align: center;\">Camilien Gaille<\/h1>\n<h1 style=\"text-align: center;\">Vigneron-Encaveur<\/h1>\n<p style=\"\">Willkommen im Anwesen<\/p>\n<p><span style=\"\"><img decoding=\"async\" alt=\"\" data-id=\"105\" width=\"553\" data-init-width=\"1000\" height=\"414\" data-init-height=\"750\" title=\"local a\u0300 barrique\" src=\"https:\/\/camiliengaille.ch\/wp-content\/uploads\/2019\/07\/local-a\u0300-barrique-1-e1564491580532.jpg\" data-width=\"553\" style=\"aspect-ratio: auto 1000 \/ 750;\" mt-t=\"-153\" ml-t=\"0\" center-v-t=\"false\" mt-m=\"0\" ml-m=\"0\" data-height=\"414\" mt-d=\"0\" ml-d=\"0\" loading=\"lazy\"><\/span><\/p>\n<h4 style=\"\">Unser Weingut<\/h4>\n<p style=\"\">Au c\u0153ur de l\u2019appelation \u00ab Bonvillars \u00bb, &nbsp;nos 9 hectares de vignes se r\u00e9partissent sur les communes d\u2019Onnens, Corcelles, Concise et Grandson et la cave se trouve \u00e0 Onnens, au pied de la colline du Cr\u00eat de Chaux.<\/p>\n<p style=\"\">Kleines Unternehmen von Winzer und Kellermeister, wir f\u00fchren die gesamte Arbeit vom Weinberg bis zum Wein aus !<\/p>\n<h2 style=\"text-align: center;\">Unsere Weine<\/h2>\n<p style=\"text-align: center;\">D\u00e9couvrez nos vins blancs, ros\u00e9s et rouges<\/p>\n<p><span style=\"\"><img decoding=\"async\" alt=\"\" data-id=\"359\" width=\"610\" data-init-width=\"1200\" height=\"610\" data-init-height=\"1200\" title=\"vin-blanc-camilien-gaille_carre\" src=\"https:\/\/camiliengaille.ch\/wp-content\/uploads\/2023\/02\/vin-blanc-camilien-gaille_carre.jpg\" data-width=\"610\" style=\"aspect-ratio: auto 1200 \/ 1200;\" mt-d=\"0\" data-height=\"610\" ml-d=\"0\" ml-t=\"-0.9689999999999941\" mt-t=\"0\" loading=\"lazy\"><\/span><\/p>\n<h6 style=\"\">Unsere Weissweine<\/h6>\n<h3 style=\"\">Unsere Weissweine<\/h3>\n<p style=\"text-align: left;\">Wir produzieren 6 Weissweine:<\/p>\n<ul>\n<li style=\"\"><span style=\"\">Chassagne<\/span><\/li>\n<li style=\"\"><span style=\"\">La Brant\u00e9e<\/span><\/li>\n<li style=\"\"><span style=\"\">Charmont<\/span><\/li>\n<li style=\"\"><span>Pinot Blanc<\/span><\/li>\n<li style=\"\"><span>Passe Muraille<\/span><\/li>\n<li style=\"\"><span>Mousseux<\/span><\/li>\n<\/ul>\n<h3 style=\"\">Les ros\u00e9s<\/h3>\n<p style=\"text-align: left;\">Wir vinifizieren zwei Ros\u00e9weine:<\/p>\n<ul>\n<li style=\"\"><span style=\"\">Les 3 Saisons<\/span><\/li>\n<li style=\"\"><span style=\"\">Oeil-de-Perdrix<\/span><\/li>\n<\/ul>\n<p><span style=\"\"><img decoding=\"async\" alt=\"\" data-id=\"360\" width=\"610\" data-init-width=\"1200\" height=\"610\" data-init-height=\"1200\" title=\"vin-rose-camilien-gaille_carre\" src=\"https:\/\/camiliengaille.ch\/wp-content\/uploads\/2023\/02\/vin-rose-camilien-gaille_carre.jpg\" data-width=\"610\" style=\"aspect-ratio: auto 1200 \/ 1200;\" mt-d=\"0\" data-height=\"610\" ml-d=\"0\" ml-t=\"-0.9689999999999941\" mt-t=\"0\" loading=\"lazy\"><\/span><\/p>\n<h6 style=\"\">Les ros\u00e9s<\/h6>\n<p><span style=\"\"><img decoding=\"async\" alt=\"\" data-id=\"371\" width=\"610\" data-init-width=\"1200\" height=\"610\" data-init-height=\"1200\" title=\"vin-rouge-camilien-gaille_carre_2\" src=\"https:\/\/camiliengaille.ch\/wp-content\/uploads\/2023\/02\/vin-rouge-camilien-gaille_carre_2.jpg\" data-width=\"610\" style=\"aspect-ratio: auto 1200 \/ 1200;\" mt-d=\"0\" data-height=\"610\" ml-d=\"0\" ml-t=\"-0.9689999999999941\" mt-t=\"0\" loading=\"lazy\"><\/span><\/p>\n<h6 style=\"\">Nos vins rouges<\/h6>\n<h3 style=\"\">Nos vins rouges<\/h3>\n<p style=\"text-align: left;\">Wir bieten 5 Rotweine an:<\/p>\n<ul>\n<li style=\"\"><span style=\"\">Le T\u00e9m\u00e9raire<\/span><\/li>\n<li style=\"\"><span style=\"\">Sur-les-Chaux<\/span><\/li>\n<li style=\"\"><span style=\"\">Sur-les-Chaux en f\u00fbts<\/span><\/li>\n<li style=\"\"><span>Les D\u00e9racin\u00e9s<\/span><\/li>\n<li style=\"\"><span>Ros Solis<\/span><\/li>\n<\/ul>\n<h3 style=\"text-align: center;\">M\u00f6chten Sie unsere Weine entdecken<\/h3>\n<h3 style=\"text-align: center;\">oder eine Bestellung aufgeben ?<\/h3>\n<p style=\"text-align: center;\">Klicken Sie auf die untenstehenden Schaltfl\u00e4chen, um unsere Weine zu entdecken oder um \u00fcber unsere Website zu bestellen.<\/p>\n<p><span><img decoding=\"async\" alt=\"\" data-id=\"219\" width=\"119\" data-init-width=\"119\" height=\"229\" data-init-height=\"229\" title=\"Bookwise_feather01\" src=\"\/\/camiliengaille.ch\/wp-content\/uploads\/tcb_lp_templates\/templates\/css\/images\/Bookwise_feather01.png\" data-width=\"119\" style=\"aspect-ratio: auto 119 \/ 229;\" loading=\"lazy\"><\/span><\/p>\n<p style=\"text-align: center;\">Was die Leute \u00fcber uns sagen<\/p>\n<h2 style=\"text-align: center;\">Die Bewertungen unserer Kunden<\/h2>\n<h6 style=\"\">Wir sind begeistert von unserer Verkostung, man merkt, dass Sie leidenschaftlich bei Ihrem Beruf sind, Sie haben uns einen hervorragenden Empfang bereitet und Ihre Weine sind sehr gut, vielen Dank ! <img decoding=\"async\" role=\"img\" alt=\"\ud83d\ude0a\" src=\"https:\/\/s.w.org\/images\/core\/emoji\/14.0.0\/svg\/1f60a.svg\" loading=\"lazy\">Ich empfehle es ohne jegliche hesitation. <img decoding=\"async\" role=\"img\" alt=\"\ud83d\udc4d\" src=\"https:\/\/s.w.org\/images\/core\/emoji\/14.0.0\/svg\/1f44d.svg\" loading=\"lazy\"><\/h6>\n<p style=\"\">S\u00e9verine E.<\/p>\n<h6 style=\"\">Qualitativer Empfang und sehr gute Weine! Eine sch\u00f6ne Entdeckung.<\/h6>\n<p style=\"\">Joachim Jeanneret, Guide local<\/p>\n<h6 style=\"\">Sehr einladend, Weine von guter Qualit\u00e4t, ein Winzer, den ich ohne zu z\u00f6gern empfehle!<\/h6>\n<p style=\"\">Quentin Frick<\/p>\n<h6 style=\"\">Sehr einladend und gro\u00dfz\u00fcgig ! Weine von guter Qualit\u00e4t. <img decoding=\"async\" role=\"img\" alt=\"\ud83d\udc4d\" src=\"https:\/\/s.w.org\/images\/core\/emoji\/14.0.0\/svg\/1f44d.svg\" loading=\"lazy\"><img decoding=\"async\" role=\"img\" alt=\"\ud83d\ude0a\" src=\"https:\/\/s.w.org\/images\/core\/emoji\/14.0.0\/svg\/1f60a.svg\" loading=\"lazy\"><\/h6>\n<p style=\"\">Miriam m\u00fcller<\/p>\n<h4 style=\"text-align: center;\">Kontaktieren Sie uns, wir stehen Ihnen zur Verf\u00fcgung.<\/h4>\n<p style=\"text-align: center;\">Wir freuen uns, alle Ihre Fragen zu beantworten.<\/p>","protected":false},"excerpt":{"rendered":"<p>Camilien Gaille Vigneron-Encaveur Bienvenue au domaine Notre domaine Au c\u0153ur de l\u2019appelation \u00ab Bonvillars \u00bb, &nbsp;nos 9 hectares de vignes se r\u00e9partissent sur les communes d\u2019Onnens, Corcelles, Concise et Grandson et la cave se trouve \u00e0 Onnens, au pied de &hellip; <\/p>\n<div class=\"read-more\"><a href=\"https:\/\/camiliengaille.ch\/de\/\" class=\"more-link\">Read More<\/a><\/div>","protected":false},"author":6,"featured_media":0,"parent":0,"menu_order":0,"comment_status":"closed","ping_status":"closed","template":"","meta":{"footnotes":""},"class_list":["post-623","page","type-page","status-publish","hentry","entry"],"yoast_head":"<!-- This site is optimized with the Yoast SEO plugin v20.1 - https:\/\/yoast.com\/wordpress\/plugins\/seo\/ -->\n<title>Accueil -<\/title>\n<meta name=\"robots\" content=\"index, follow, max-snippet:-1, max-image-preview:large, max-video-preview:-1\" \/>\n<link rel=\"canonical\" href=\"https:\/\/camiliengaille.ch\/de\/\" \/>\n<meta property=\"og:locale\" content=\"de_DE\" \/>\n<meta property=\"og:type\" content=\"article\" \/>\n<meta property=\"og:title\" content=\"Accueil -\" \/>\n<meta property=\"og:description\" content=\"Camilien Gaille Vigneron-Encaveur Bienvenue au domaine Notre domaine Au c\u0153ur de l\u2019appelation \u00ab Bonvillars \u00bb, &nbsp;nos 9 hectares de vignes se r\u00e9partissent sur les communes d\u2019Onnens, Corcelles, Concise et Grandson et la cave se trouve \u00e0 Onnens, au pied de &hellip; Read More\" \/>\n<meta property=\"og:url\" content=\"https:\/\/camiliengaille.ch\/de\/\" \/>\n<meta property=\"article:modified_time\" content=\"2025-05-26T13:34:32+00:00\" \/>\n<meta property=\"og:image\" content=\"https:\/\/camiliengaille.ch\/wp-content\/uploads\/2023\/02\/logo_camilien_gaille_juste_signe_web.png\" \/>\n<meta name=\"twitter:card\" content=\"summary_large_image\" \/>\n<meta name=\"twitter:label1\" content=\"Gesch\u00e4tzte Lesezeit\" \/>\n\t<meta name=\"twitter:data1\" content=\"4\u00a0Minuten\" \/>\n<script type=\"application\/ld+json\" class=\"yoast-schema-graph\">{\"@context\":\"https:\/\/schema.org\",\"@graph\":[{\"@type\":\"WebPage\",\"@id\":\"https:\/\/camiliengaille.ch\/\",\"url\":\"https:\/\/camiliengaille.ch\/\",\"name\":\"Accueil -\",\"isPartOf\":{\"@id\":\"https:\/\/camiliengaille.ch\/#website\"},\"datePublished\":\"2025-04-09T11:10:23+00:00\",\"dateModified\":\"2025-05-26T13:34:32+00:00\",\"breadcrumb\":{\"@id\":\"https:\/\/camiliengaille.ch\/#breadcrumb\"},\"inLanguage\":\"de\",\"potentialAction\":[{\"@type\":\"ReadAction\",\"target\":[\"https:\/\/camiliengaille.ch\/\"]}]},{\"@type\":\"BreadcrumbList\",\"@id\":\"https:\/\/camiliengaille.ch\/#breadcrumb\",\"itemListElement\":[{\"@type\":\"ListItem\",\"position\":1,\"name\":\"Accueil\",\"item\":\"https:\/\/camiliengaille.ch\/\"},{\"@type\":\"ListItem\",\"position\":2,\"name\":\"Accueil\"}]},{\"@type\":\"WebSite\",\"@id\":\"https:\/\/camiliengaille.ch\/#website\",\"url\":\"https:\/\/camiliengaille.ch\/\",\"name\":\"\",\"description\":\"\",\"potentialAction\":[{\"@type\":\"SearchAction\",\"target\":{\"@type\":\"EntryPoint\",\"urlTemplate\":\"https:\/\/camiliengaille.ch\/?s={search_term_string}\"},\"query-input\":\"required name=search_term_string\"}],\"inLanguage\":\"de\"}]}<\/script>\n<!-- \/ Yoast SEO plugin. -->","yoast_head_json":{"title":"Accueil -","robots":{"index":"index","follow":"follow","max-snippet":"max-snippet:-1","max-image-preview":"max-image-preview:large","max-video-preview":"max-video-preview:-1"},"canonical":"https:\/\/camiliengaille.ch\/de\/","og_locale":"de_DE","og_type":"article","og_title":"Accueil -","og_description":"Camilien Gaille Vigneron-Encaveur Bienvenue au domaine Notre domaine Au c\u0153ur de l\u2019appelation \u00ab Bonvillars \u00bb, &nbsp;nos 9 hectares de vignes se r\u00e9partissent sur les communes d\u2019Onnens, Corcelles, Concise et Grandson et la cave se trouve \u00e0 Onnens, au pied de &hellip; Read More","og_url":"https:\/\/camiliengaille.ch\/de\/","article_modified_time":"2025-05-26T13:34:32+00:00","og_image":[{"url":"https:\/\/camiliengaille.ch\/wp-content\/uploads\/2023\/02\/logo_camilien_gaille_juste_signe_web.png"}],"twitter_card":"summary_large_image","twitter_misc":{"Gesch\u00e4tzte Lesezeit":"4\u00a0Minuten"},"schema":{"@context":"https:\/\/schema.org","@graph":[{"@type":"WebPage","@id":"https:\/\/camiliengaille.ch\/","url":"https:\/\/camiliengaille.ch\/","name":"Accueil -","isPartOf":{"@id":"https:\/\/camiliengaille.ch\/#website"},"datePublished":"2025-04-09T11:10:23+00:00","dateModified":"2025-05-26T13:34:32+00:00","breadcrumb":{"@id":"https:\/\/camiliengaille.ch\/#breadcrumb"},"inLanguage":"de","potentialAction":[{"@type":"ReadAction","target":["https:\/\/camiliengaille.ch\/"]}]},{"@type":"BreadcrumbList","@id":"https:\/\/camiliengaille.ch\/#breadcrumb","itemListElement":[{"@type":"ListItem","position":1,"name":"Accueil","item":"https:\/\/camiliengaille.ch\/"},{"@type":"ListItem","position":2,"name":"Accueil"}]},{"@type":"WebSite","@id":"https:\/\/camiliengaille.ch\/#website","url":"https:\/\/camiliengaille.ch\/","name":"","description":"","potentialAction":[{"@type":"SearchAction","target":{"@type":"EntryPoint","urlTemplate":"https:\/\/camiliengaille.ch\/?s={search_term_string}"},"query-input":"required name=search_term_string"}],"inLanguage":"de"}]}},"_links":{"self":[{"href":"https:\/\/camiliengaille.ch\/de\/wp-json\/wp\/v2\/pages\/623","targetHints":{"allow":["GET"]}}],"collection":[{"href":"https:\/\/camiliengaille.ch\/de\/wp-json\/wp\/v2\/pages"}],"about":[{"href":"https:\/\/camiliengaille.ch\/de\/wp-json\/wp\/v2\/types\/page"}],"author":[{"embeddable":true,"href":"https:\/\/camiliengaille.ch\/de\/wp-json\/wp\/v2\/users\/6"}],"replies":[{"embeddable":true,"href":"https:\/\/camiliengaille.ch\/de\/wp-json\/wp\/v2\/comments?post=623"}],"version-history":[{"count":40,"href":"https:\/\/camiliengaille.ch\/de\/wp-json\/wp\/v2\/pages\/623\/revisions"}],"predecessor-version":[{"id":719,"href":"https:\/\/camiliengaille.ch\/de\/wp-json\/wp\/v2\/pages\/623\/revisions\/719"}],"wp:attachment":[{"href":"https:\/\/camiliengaille.ch\/de\/wp-json\/wp\/v2\/media?parent=623"}],"curies":[{"name":"wp","href":"https:\/\/api.w.org\/{rel}","templated":true}]}}